{"version":"1.0","provider_name":"CREATIVE AUSTRIA \u2013 Contemporary Culture","provider_url":"https:\/\/www.creativeaustria.at\/en\/","author_name":"Elisabeth K\u00f6berl","author_url":"https:\/\/www.creativeaustria.at\/en\/author\/redaktion-10\/","title":"\"grazERZ\u00c4HLT\" Storytellingfestival, Graz &#187; CREATIVE AUSTRIA \u2013 Contemporary Culture","type":"rich","width":600,"height":338,"html":"<blockquote class=\"wp-embedded-content\" data-secret=\"ZIYnilfCeb\"><a href=\"https:\/\/www.creativeaustria.at\/en\/2019\/02\/08\/grazerzaehlt-storytellingfestival-graz\/\">&#8220;grazERZ\u00c4HLT&#8221; Storytellingfestival, Graz<\/a><\/blockquote><iframe sandbox=\"allow-scripts\" security=\"restricted\" src=\"https:\/\/www.creativeaustria.at\/en\/2019\/02\/08\/grazerzaehlt-storytellingfestival-graz\/embed\/#?secret=ZIYnilfCeb\" width=\"600\" height=\"338\" title=\"&#8220;&#8220;grazERZ\u00c4HLT&#8221; Storytellingfestival, Graz&#8221; &#8212; CREATIVE AUSTRIA \u2013 Contemporary Culture\" data-secret=\"ZIYnilfCeb\" frameborder=\"0\" marginwidth=\"0\" marginheight=\"0\" scrolling=\"no\" class=\"wp-embedded-content\"><\/iframe><script type=\"text\/javascript\">\n\/* <![CDATA[ *\/\n\/*! This file is auto-generated *\/\n!function(d,l){\"use strict\";l.querySelector&&d.addEventListener&&\"undefined\"!=typeof URL&&(d.wp=d.wp||{},d.wp.receiveEmbedMessage||(d.wp.receiveEmbedMessage=function(e){var t=e.data;if((t||t.secret||t.message||t.value)&&!\/[^a-zA-Z0-9]\/.test(t.secret)){for(var s,r,n,a=l.querySelectorAll('iframe[data-secret=\"'+t.secret+'\"]'),o=l.querySelectorAll('blockquote[data-secret=\"'+t.secret+'\"]'),c=new RegExp(\"^https?:$\",\"i\"),i=0;i<o.length;i++)o[i].style.display=\"none\";for(i=0;i<a.length;i++)s=a[i],e.source===s.contentWindow&&(s.removeAttribute(\"style\"),\"height\"===t.message?(1e3<(r=parseInt(t.value,10))?r=1e3:~~r<200&&(r=200),s.height=r):\"link\"===t.message&&(r=new URL(s.getAttribute(\"src\")),n=new URL(t.value),c.test(n.protocol))&&n.host===r.host&&l.activeElement===s&&(d.top.location.href=t.value))}},d.addEventListener(\"message\",d.wp.receiveEmbedMessage,!1),l.addEventListener(\"DOMContentLoaded\",function(){for(var e,t,s=l.querySelectorAll(\"iframe.wp-embedded-content\"),r=0;r<s.length;r++)(t=(e=s[r]).getAttribute(\"data-secret\"))||(t=Math.random().toString(36).substring(2,12),e.src+=\"#?secret=\"+t,e.setAttribute(\"data-secret\",t)),e.contentWindow.postMessage({message:\"ready\",secret:t},\"*\")},!1)))}(window,document);\n\/* ]]> *\/\n<\/script>\n","thumbnail_url":"https:\/\/www.creativeaustria.at\/wp-content\/uploads\/2019\/05\/K\u00d6-ERZ\u00c4HLT_Die-Erz\u00e4hlenden-Kost\u00fcme_cNikolaus-Pfusterschmid-1024x683.jpg","thumbnail_width":1024,"thumbnail_height":683,"description":"24.05.2019 &#8211; 23.06.2019; Graz Folke Tegetthoff&#8217;s International Storytelling Festival stops by in Graz. Tell, listen and be heard. This is the aim of the international storytelling festival that Folke Tegetthof founded more than 30 years ago. At grazERZ\u00c4HLT it is not only mouth and ears that tell and listen, but the whole body. The narrative [&hellip;]"}