{"id":48256,"date":"2024-07-10T08:26:36","date_gmt":"2024-07-10T08:26:36","guid":{"rendered":"https:\/\/www.creativeaustria.at\/wp-content\/uploads\/2024\/07\/240708_5564_c_Martin_Lusser.jpg"},"modified":"2024-07-10T08:31:30","modified_gmt":"2024-07-10T08:31:30","slug":"kinderuniwien-2024-2","status":"inherit","type":"attachment","link":"https:\/\/www.creativeaustria.at\/en\/2024\/07\/10\/vienna-childrens-university-2024-various-locations-vienna\/kinderuniwien-2024-2\/","title":{"rendered":"Die KinderuniWien 2024 ist er\u00f6ffnet! Von 8. bis 20. Juli stellen \u00fcber 4.000 Kinder die Universit\u00e4ten auf den Kopf!  Infos: www.kinderuni.at"},"author":27,"featured_media":0,"comment_status":"open","ping_status":"closed","template":"","meta":{"jetpack_post_was_ever_published":false},"class_list":["post-48256","attachment","type-attachment","status-inherit"],"yoast_head":"<!-- This site is optimized with the Yoast SEO plugin v23.9 - https:\/\/yoast.com\/wordpress\/plugins\/seo\/ -->\n<title>Die KinderuniWien 2024 ist er\u00f6ffnet! Von 8. bis 20. Juli stellen \u00fcber 4.000 Kinder die Universit\u00e4ten auf den Kopf! Infos: www.kinderuni.at &#187; CREATIVE AUSTRIA \u2013 Contemporary Culture<\/title>\n<meta name=\"robots\" content=\"index, follow, max-snippet:-1, max-image-preview:large, max-video-preview:-1\" \/>\n<link rel=\"canonical\" href=\"https:\/\/www.creativeaustria.at\/wp-content\/uploads\/2024\/07\/240708_5564_c_Martin_Lusser.jpg\" \/>\n<meta property=\"og:locale\" content=\"en_US\" \/>\n<meta property=\"og:type\" content=\"article\" \/>\n<meta property=\"og:title\" content=\"Die KinderuniWien 2024 ist er\u00f6ffnet! Von 8. bis 20. Juli stellen \u00fcber 4.000 Kinder die Universit\u00e4ten auf den Kopf! Infos: www.kinderuni.at &#187; CREATIVE AUSTRIA \u2013 Contemporary Culture\" \/>\n<meta property=\"og:description\" content=\"Die KinderuniWien 2024 ist er\u00f6ffnet! Von 8. bis 20. Juli stellen \u00fcber 4.000 Kinder die Universit\u00e4ten auf den Kopf!  Infos: www.kinderuni.at\" \/>\n<meta property=\"og:url\" content=\"https:\/\/www.creativeaustria.at\/wp-content\/uploads\/2024\/07\/240708_5564_c_Martin_Lusser.jpg\" \/>\n<meta property=\"og:site_name\" content=\"CREATIVE AUSTRIA \u2013 Contemporary Culture\" \/>\n<meta property=\"article:publisher\" content=\"https:\/\/www.facebook.com\/creativeaustria\" \/>\n<meta property=\"article:modified_time\" content=\"2024-07-10T08:31:30+00:00\" \/>\n<meta property=\"og:image\" content=\"https:\/\/www.creativeaustria.at\/wp-content\/uploads\/2024\/07\/240708_5564_c_Martin_Lusser-1024x683.jpg\" \/>\n\t<meta property=\"og:image:width\" content=\"1024\" \/>\n\t<meta property=\"og:image:height\" content=\"683\" \/>\n\t<meta property=\"og:image:type\" content=\"image\/jpeg\" \/>\n<meta name=\"twitter:card\" content=\"summary_large_image\" \/>\n<script type=\"application\/ld+json\" class=\"yoast-schema-graph\">{\"@context\":\"https:\/\/schema.org\",\"@graph\":[{\"@type\":\"WebPage\",\"@id\":\"https:\/\/www.creativeaustria.at\/wp-content\/uploads\/2024\/07\/240708_5564_c_Martin_Lusser.jpg\",\"url\":\"https:\/\/www.creativeaustria.at\/wp-content\/uploads\/2024\/07\/240708_5564_c_Martin_Lusser.jpg\",\"name\":\"Die KinderuniWien 2024 ist er\u00f6ffnet! Von 8. bis 20. Juli stellen \u00fcber 4.000 Kinder die Universit\u00e4ten auf den Kopf! Infos: www.kinderuni.at &#187; CREATIVE AUSTRIA \u2013 Contemporary Culture\",\"isPartOf\":{\"@id\":\"https:\/\/www.creativeaustria.at\/#website\"},\"datePublished\":\"2024-07-10T08:26:36+00:00\",\"dateModified\":\"2024-07-10T08:31:30+00:00\",\"breadcrumb\":{\"@id\":\"https:\/\/www.creativeaustria.at\/wp-content\/uploads\/2024\/07\/240708_5564_c_Martin_Lusser.jpg#breadcrumb\"},\"inLanguage\":\"en-US\",\"potentialAction\":[{\"@type\":\"ReadAction\",\"target\":[\"https:\/\/www.creativeaustria.at\/wp-content\/uploads\/2024\/07\/240708_5564_c_Martin_Lusser.jpg\"]}]},{\"@type\":\"BreadcrumbList\",\"@id\":\"https:\/\/www.creativeaustria.at\/wp-content\/uploads\/2024\/07\/240708_5564_c_Martin_Lusser.jpg#breadcrumb\",\"itemListElement\":[{\"@type\":\"ListItem\",\"position\":1,\"name\":\"Startseite\",\"item\":\"https:\/\/www.creativeaustria.at\/en\/\"},{\"@type\":\"ListItem\",\"position\":2,\"name\":\"Vienna Children&#8217;s University 2024 \/ various locations, Vienna\",\"item\":\"https:\/\/www.creativeaustria.at\/en\/2024\/07\/10\/vienna-childrens-university-2024-various-locations-vienna\/\"},{\"@type\":\"ListItem\",\"position\":3,\"name\":\"Die KinderuniWien 2024 ist er\u00f6ffnet! Von 8. bis 20. Juli stellen \u00fcber 4.000 Kinder die Universit\u00e4ten auf den Kopf! Infos: www.kinderuni.at\"}]},{\"@type\":\"WebSite\",\"@id\":\"https:\/\/www.creativeaustria.at\/#website\",\"url\":\"https:\/\/www.creativeaustria.at\/\",\"name\":\"CREATIVE AUSTRIA \u2013 Contemporary Culture\",\"description\":\"Austrias Magazine for Contemporary Culture\",\"potentialAction\":[{\"@type\":\"SearchAction\",\"target\":{\"@type\":\"EntryPoint\",\"urlTemplate\":\"https:\/\/www.creativeaustria.at\/?s={search_term_string}\"},\"query-input\":{\"@type\":\"PropertyValueSpecification\",\"valueRequired\":true,\"valueName\":\"search_term_string\"}}],\"inLanguage\":\"en-US\"}]}<\/script>\n<!-- \/ Yoast SEO plugin. -->","yoast_head_json":{"title":"Die KinderuniWien 2024 ist er\u00f6ffnet! Von 8. bis 20. Juli stellen \u00fcber 4.000 Kinder die Universit\u00e4ten auf den Kopf! Infos: www.kinderuni.at &#187; CREATIVE AUSTRIA \u2013 Contemporary Culture","robots":{"index":"index","follow":"follow","max-snippet":"max-snippet:-1","max-image-preview":"max-image-preview:large","max-video-preview":"max-video-preview:-1"},"canonical":"https:\/\/www.creativeaustria.at\/wp-content\/uploads\/2024\/07\/240708_5564_c_Martin_Lusser.jpg","og_locale":"en_US","og_type":"article","og_title":"Die KinderuniWien 2024 ist er\u00f6ffnet! Von 8. bis 20. Juli stellen \u00fcber 4.000 Kinder die Universit\u00e4ten auf den Kopf! Infos: www.kinderuni.at &#187; CREATIVE AUSTRIA \u2013 Contemporary Culture","og_description":"Die KinderuniWien 2024 ist er\u00f6ffnet! Von 8. bis 20. Juli stellen \u00fcber 4.000 Kinder die Universit\u00e4ten auf den Kopf!  Infos: www.kinderuni.at","og_url":"https:\/\/www.creativeaustria.at\/wp-content\/uploads\/2024\/07\/240708_5564_c_Martin_Lusser.jpg","og_site_name":"CREATIVE AUSTRIA \u2013 Contemporary Culture","article_publisher":"https:\/\/www.facebook.com\/creativeaustria","article_modified_time":"2024-07-10T08:31:30+00:00","og_image":[{"width":1024,"height":683,"url":"https:\/\/www.creativeaustria.at\/wp-content\/uploads\/2024\/07\/240708_5564_c_Martin_Lusser-1024x683.jpg","type":"image\/jpeg"}],"twitter_card":"summary_large_image","schema":{"@context":"https:\/\/schema.org","@graph":[{"@type":"WebPage","@id":"https:\/\/www.creativeaustria.at\/wp-content\/uploads\/2024\/07\/240708_5564_c_Martin_Lusser.jpg","url":"https:\/\/www.creativeaustria.at\/wp-content\/uploads\/2024\/07\/240708_5564_c_Martin_Lusser.jpg","name":"Die KinderuniWien 2024 ist er\u00f6ffnet! Von 8. bis 20. Juli stellen \u00fcber 4.000 Kinder die Universit\u00e4ten auf den Kopf! Infos: www.kinderuni.at &#187; CREATIVE AUSTRIA \u2013 Contemporary Culture","isPartOf":{"@id":"https:\/\/www.creativeaustria.at\/#website"},"datePublished":"2024-07-10T08:26:36+00:00","dateModified":"2024-07-10T08:31:30+00:00","breadcrumb":{"@id":"https:\/\/www.creativeaustria.at\/wp-content\/uploads\/2024\/07\/240708_5564_c_Martin_Lusser.jpg#breadcrumb"},"inLanguage":"en-US","potentialAction":[{"@type":"ReadAction","target":["https:\/\/www.creativeaustria.at\/wp-content\/uploads\/2024\/07\/240708_5564_c_Martin_Lusser.jpg"]}]},{"@type":"BreadcrumbList","@id":"https:\/\/www.creativeaustria.at\/wp-content\/uploads\/2024\/07\/240708_5564_c_Martin_Lusser.jpg#breadcrumb","itemListElement":[{"@type":"ListItem","position":1,"name":"Startseite","item":"https:\/\/www.creativeaustria.at\/en\/"},{"@type":"ListItem","position":2,"name":"Vienna Children&#8217;s University 2024 \/ various locations, Vienna","item":"https:\/\/www.creativeaustria.at\/en\/2024\/07\/10\/vienna-childrens-university-2024-various-locations-vienna\/"},{"@type":"ListItem","position":3,"name":"Die KinderuniWien 2024 ist er\u00f6ffnet! Von 8. bis 20. Juli stellen \u00fcber 4.000 Kinder die Universit\u00e4ten auf den Kopf! Infos: www.kinderuni.at"}]},{"@type":"WebSite","@id":"https:\/\/www.creativeaustria.at\/#website","url":"https:\/\/www.creativeaustria.at\/","name":"CREATIVE AUSTRIA \u2013 Contemporary Culture","description":"Austrias Magazine for Contemporary Culture","potentialAction":[{"@type":"SearchAction","target":{"@type":"EntryPoint","urlTemplate":"https:\/\/www.creativeaustria.at\/?s={search_term_string}"},"query-input":{"@type":"PropertyValueSpecification","valueRequired":true,"valueName":"search_term_string"}}],"inLanguage":"en-US"}]}},"jetpack_sharing_enabled":true,"jetpack_shortlink":"https:\/\/wp.me\/a9E1qX-cyk","description":{"rendered":"<p class=\"attachment\"><a href='https:\/\/www.creativeaustria.at\/wp-content\/uploads\/2024\/07\/240708_5564_c_Martin_Lusser.jpg'><img loading=\"lazy\" decoding=\"async\" width=\"300\" height=\"200\" src=\"https:\/\/www.creativeaustria.at\/wp-content\/uploads\/2024\/07\/240708_5564_c_Martin_Lusser-300x200.jpg\" class=\"attachment-medium size-medium\" alt=\"\" srcset=\"https:\/\/www.creativeaustria.at\/wp-content\/uploads\/2024\/07\/240708_5564_c_Martin_Lusser-300x200.jpg 300w, https:\/\/www.creativeaustria.at\/wp-content\/uploads\/2024\/07\/240708_5564_c_Martin_Lusser-1024x683.jpg 1024w, https:\/\/www.creativeaustria.at\/wp-content\/uploads\/2024\/07\/240708_5564_c_Martin_Lusser-768x512.jpg 768w, https:\/\/www.creativeaustria.at\/wp-content\/uploads\/2024\/07\/240708_5564_c_Martin_Lusser-1536x1024.jpg 1536w, https:\/\/www.creativeaustria.at\/wp-content\/uploads\/2024\/07\/240708_5564_c_Martin_Lusser-2048x1365.jpg 2048w, https:\/\/www.creativeaustria.at\/wp-content\/uploads\/2024\/07\/240708_5564_c_Martin_Lusser-696x464.jpg 696w, https:\/\/www.creativeaustria.at\/wp-content\/uploads\/2024\/07\/240708_5564_c_Martin_Lusser-1068x712.jpg 1068w, https:\/\/www.creativeaustria.at\/wp-content\/uploads\/2024\/07\/240708_5564_c_Martin_Lusser-630x420.jpg 630w\" sizes=\"(max-width: 300px) 100vw, 300px\" \/><\/a><\/p>\n"},"caption":{"rendered":"<p>Die KinderuniWien 2024 ist er\u00f6ffnet! Von 8. bis 20. Juli stellen \u00fcber 4.000 Kinder die Universit\u00e4ten auf den Kopf!<br \/>\nInfos: www.kinderuni.at<\/p>\n"},"alt_text":"","media_type":"image","mime_type":"image\/jpeg","media_details":{"width":2522,"height":1681,"file":"2024\/07\/240708_5564_c_Martin_Lusser.jpg","filesize":2826172,"sizes":{"medium":{"file":"240708_5564_c_Martin_Lusser-300x200.jpg","width":300,"height":200,"filesize":29055,"mime_type":"image\/jpeg","source_url":"https:\/\/www.creativeaustria.at\/wp-content\/uploads\/2024\/07\/240708_5564_c_Martin_Lusser-300x200.jpg"},"large":{"file":"240708_5564_c_Martin_Lusser-1024x683.jpg","width":1024,"height":683,"filesize":211704,"mime_type":"image\/jpeg","source_url":"https:\/\/www.creativeaustria.at\/wp-content\/uploads\/2024\/07\/240708_5564_c_Martin_Lusser-1024x683.jpg"},"thumbnail":{"file":"240708_5564_c_Martin_Lusser-150x150.jpg","width":150,"height":150,"filesize":14406,"mime_type":"image\/jpeg","source_url":"https:\/\/www.creativeaustria.at\/wp-content\/uploads\/2024\/07\/240708_5564_c_Martin_Lusser-150x150.jpg"},"medium_large":{"file":"240708_5564_c_Martin_Lusser-768x512.jpg","width":768,"height":512,"filesize":127972,"mime_type":"image\/jpeg","source_url":"https:\/\/www.creativeaustria.at\/wp-content\/uploads\/2024\/07\/240708_5564_c_Martin_Lusser-768x512.jpg"},"1536x1536":{"file":"240708_5564_c_Martin_Lusser-1536x1024.jpg","width":1536,"height":1024,"filesize":437751,"mime_type":"image\/jpeg","source_url":"https:\/\/www.creativeaustria.at\/wp-content\/uploads\/2024\/07\/240708_5564_c_Martin_Lusser-1536x1024.jpg"},"2048x2048":{"file":"240708_5564_c_Martin_Lusser-2048x1365.jpg","width":2048,"height":1365,"filesize":740291,"mime_type":"image\/jpeg","source_url":"https:\/\/www.creativeaustria.at\/wp-content\/uploads\/2024\/07\/240708_5564_c_Martin_Lusser-2048x1365.jpg"},"td_218x150":{"file":"240708_5564_c_Martin_Lusser-218x150.jpg","width":218,"height":150,"filesize":18961,"mime_type":"image\/jpeg","source_url":"https:\/\/www.creativeaustria.at\/wp-content\/uploads\/2024\/07\/240708_5564_c_Martin_Lusser-218x150.jpg"},"td_324x400":{"file":"240708_5564_c_Martin_Lusser-324x400.jpg","width":324,"height":400,"filesize":49786,"mime_type":"image\/jpeg","source_url":"https:\/\/www.creativeaustria.at\/wp-content\/uploads\/2024\/07\/240708_5564_c_Martin_Lusser-324x400.jpg"},"td_696x0":{"file":"240708_5564_c_Martin_Lusser-696x464.jpg","width":696,"height":464,"filesize":108656,"mime_type":"image\/jpeg","source_url":"https:\/\/www.creativeaustria.at\/wp-content\/uploads\/2024\/07\/240708_5564_c_Martin_Lusser-696x464.jpg"},"td_1068x0":{"file":"240708_5564_c_Martin_Lusser-1068x712.jpg","width":1068,"height":712,"filesize":228074,"mime_type":"image\/jpeg","source_url":"https:\/\/www.creativeaustria.at\/wp-content\/uploads\/2024\/07\/240708_5564_c_Martin_Lusser-1068x712.jpg"},"td_0x420":{"file":"240708_5564_c_Martin_Lusser-630x420.jpg","width":630,"height":420,"filesize":92519,"mime_type":"image\/jpeg","source_url":"https:\/\/www.creativeaustria.at\/wp-content\/uploads\/2024\/07\/240708_5564_c_Martin_Lusser-630x420.jpg"},"td_80x60":{"file":"240708_5564_c_Martin_Lusser-80x60.jpg","width":80,"height":60,"filesize":6737,"mime_type":"image\/jpeg","source_url":"https:\/\/www.creativeaustria.at\/wp-content\/uploads\/2024\/07\/240708_5564_c_Martin_Lusser-80x60.jpg"},"td_100x70":{"file":"240708_5564_c_Martin_Lusser-100x70.jpg","width":100,"height":70,"filesize":7951,"mime_type":"image\/jpeg","source_url":"https:\/\/www.creativeaustria.at\/wp-content\/uploads\/2024\/07\/240708_5564_c_Martin_Lusser-100x70.jpg"},"td_265x198":{"file":"240708_5564_c_Martin_Lusser-265x198.jpg","width":265,"height":198,"filesize":26274,"mime_type":"image\/jpeg","source_url":"https:\/\/www.creativeaustria.at\/wp-content\/uploads\/2024\/07\/240708_5564_c_Martin_Lusser-265x198.jpg"},"td_324x160":{"file":"240708_5564_c_Martin_Lusser-324x160.jpg","width":324,"height":160,"filesize":26962,"mime_type":"image\/jpeg","source_url":"https:\/\/www.creativeaustria.at\/wp-content\/uploads\/2024\/07\/240708_5564_c_Martin_Lusser-324x160.jpg"},"td_324x235":{"file":"240708_5564_c_Martin_Lusser-324x235.jpg","width":324,"height":235,"filesize":34891,"mime_type":"image\/jpeg","source_url":"https:\/\/www.creativeaustria.at\/wp-content\/uploads\/2024\/07\/240708_5564_c_Martin_Lusser-324x235.jpg"},"td_356x220":{"file":"240708_5564_c_Martin_Lusser-356x220.jpg","width":356,"height":220,"filesize":36555,"mime_type":"image\/jpeg","source_url":"https:\/\/www.creativeaustria.at\/wp-content\/uploads\/2024\/07\/240708_5564_c_Martin_Lusser-356x220.jpg"},"td_356x364":{"file":"240708_5564_c_Martin_Lusser-356x364.jpg","width":356,"height":364,"filesize":50833,"mime_type":"image\/jpeg","source_url":"https:\/\/www.creativeaustria.at\/wp-content\/uploads\/2024\/07\/240708_5564_c_Martin_Lusser-356x364.jpg"},"td_533x261":{"file":"240708_5564_c_Martin_Lusser-533x261.jpg","width":533,"height":261,"filesize":58143,"mime_type":"image\/jpeg","source_url":"https:\/\/www.creativeaustria.at\/wp-content\/uploads\/2024\/07\/240708_5564_c_Martin_Lusser-533x261.jpg"},"td_534x462":{"file":"240708_5564_c_Martin_Lusser-534x462.jpg","width":534,"height":462,"filesize":85454,"mime_type":"image\/jpeg","source_url":"https:\/\/www.creativeaustria.at\/wp-content\/uploads\/2024\/07\/240708_5564_c_Martin_Lusser-534x462.jpg"},"td_696x385":{"file":"240708_5564_c_Martin_Lusser-696x385.jpg","width":696,"height":385,"filesize":98437,"mime_type":"image\/jpeg","source_url":"https:\/\/www.creativeaustria.at\/wp-content\/uploads\/2024\/07\/240708_5564_c_Martin_Lusser-696x385.jpg"},"td_741x486":{"file":"240708_5564_c_Martin_Lusser-741x486.jpg","width":741,"height":486,"filesize":120243,"mime_type":"image\/jpeg","source_url":"https:\/\/www.creativeaustria.at\/wp-content\/uploads\/2024\/07\/240708_5564_c_Martin_Lusser-741x486.jpg"},"td_1068x580":{"file":"240708_5564_c_Martin_Lusser-1068x580.jpg","width":1068,"height":580,"filesize":204955,"mime_type":"image\/jpeg","source_url":"https:\/\/www.creativeaustria.at\/wp-content\/uploads\/2024\/07\/240708_5564_c_Martin_Lusser-1068x580.jpg"},"full":{"file":"240708_5564_c_Martin_Lusser.jpg","width":2522,"height":1681,"mime_type":"image\/jpeg","source_url":"https:\/\/www.creativeaustria.at\/wp-content\/uploads\/2024\/07\/240708_5564_c_Martin_Lusser.jpg"}},"image_meta":{"aperture":"0","credit":"Kinderb\u00fcro der Universit\u00e4t Wie","camera":"","caption":"Die KinderuniWien 2024 ist er\u00f6ffnet! Von 8. bis 20. Juli stellen \u00fcber 4.000 Kinder die Universit\u00e4ten auf den Kopf! \r\nInfos: www.kinderuni.at","created_timestamp":"0","copyright":"Kinderb\u00fcro der Universit\u00e4t Wien\/APA-Fotoservice\/Martin Lusser","focal_length":"0","iso":"0","shutter_speed":"0","title":"KinderuniWien 2024","orientation":"0","keywords":["Kinder"]}},"post":48257,"source_url":"https:\/\/www.creativeaustria.at\/wp-content\/uploads\/2024\/07\/240708_5564_c_Martin_Lusser.jpg","_links":{"self":[{"href":"https:\/\/www.creativeaustria.at\/en\/wp-json\/wp\/v2\/media\/48256"}],"collection":[{"href":"https:\/\/www.creativeaustria.at\/en\/wp-json\/wp\/v2\/media"}],"about":[{"href":"https:\/\/www.creativeaustria.at\/en\/wp-json\/wp\/v2\/types\/attachment"}],"author":[{"embeddable":true,"href":"https:\/\/www.creativeaustria.at\/en\/wp-json\/wp\/v2\/users\/27"}],"replies":[{"embeddable":true,"href":"https:\/\/www.creativeaustria.at\/en\/wp-json\/wp\/v2\/comments?post=48256"}]}}