{"id":2473,"date":"2018-01-16T09:30:45","date_gmt":"2018-01-16T09:30:45","guid":{"rendered":"http:\/\/www.creativeaustria.at\/linz\/"},"modified":"2023-07-03T08:06:05","modified_gmt":"2023-07-03T08:06:05","slug":"linz","status":"publish","type":"page","link":"https:\/\/www.creativeaustria.at\/en\/linz\/","title":{"rendered":"Linz"},"content":{"rendered":"<div id=\"tdi_1\" class=\"tdc-zone\"><div class=\"tdc_zone tdi_2  wpb_row td-pb-row\"  >\n<style scoped>\n\/* custom css - generated by TagDiv Composer *\/\n\n\/* custom css - generated by TagDiv Composer *\/\n.tdi_2{\r\n                    min-height: 0;\r\n                }\n<\/style><div id=\"tdi_3\" class=\"tdc-row\"><div class=\"vc_row tdi_4 td-ss-row wpb_row td-pb-row\" >\n<style scoped>\n\/* custom css - generated by TagDiv Composer *\/\n\n\/* custom css - generated by TagDiv Composer *\/\n.tdi_4,\r\n                .tdi_4 .tdc-columns{\r\n                    min-height: 0;\r\n                }.tdi_4,\r\n\t\t\t\t.tdi_4 .tdc-columns{\r\n\t\t\t\t    display: block;\r\n\t\t\t\t}.tdi_4 .tdc-columns{\r\n\t\t\t\t    width: 100%;\r\n\t\t\t\t}.tdi_4:before,\r\n\t\t\t\t.tdi_4:after{\r\n\t\t\t\t    display: table;\r\n\t\t\t\t}\n<\/style><div class=\"vc_column tdi_6  wpb_column vc_column_container tdc-column td-pb-span8\">\n<style scoped>\n\/* custom css - generated by TagDiv Composer *\/\n\n\/* custom css - generated by TagDiv Composer *\/\n.tdi_6{\r\n                    vertical-align: baseline;\r\n                }.tdi_6 > .wpb_wrapper,\r\n\t\t\t\t.tdi_6 > .wpb_wrapper > .tdc-elements{\r\n\t\t\t\t    display: block;\r\n\t\t\t\t}.tdi_6 > .wpb_wrapper > .tdc-elements{\r\n\t\t\t\t    width: 100%;\r\n\t\t\t\t}.tdi_6 > .wpb_wrapper > .vc_row_inner{\r\n\t\t\t\t    width: auto;\r\n\t\t\t\t}.tdi_6 > .wpb_wrapper{\r\n\t\t\t\t    width: auto;\r\n\t\t\t\t    height: auto;\r\n\t\t\t\t}\n<\/style><div class=\"wpb_wrapper\" ><div class=\"td_block_wrap td_block_18 tdi_7 td_with_ajax_pagination td-pb-border-top td_block_template_1 td-column-2\"  data-td-block-uid=\"tdi_7\" >\n<style>\n.td-block-title-wrap .td-wrapper-pulldown-filter {\r\n                    font-family: var(--td_default_google_font_2, 'Roboto', sans-serif);\r\n                    position: absolute;\r\n                    bottom: 0;\r\n                    right: 0;\r\n                    top: 0;\r\n                    margin: auto 0;\r\n                    z-index: 2;\r\n                    background-color: #fff;\r\n                    font-size: 13px;\r\n                    line-height: 1;\r\n                    color: #777;\r\n                    text-align: right;\r\n                }\r\n                .td-block-title-wrap .td-wrapper-pulldown-filter .td-pulldown-filter-display-option {\r\n                    cursor: pointer;\r\n                    white-space: nowrap;\r\n                    position: relative;\r\n                    line-height: 29px;\r\n                }\r\n                .td-block-title-wrap .td-wrapper-pulldown-filter .td-pulldown-filter-display-option i {\r\n                    font-size: 9px;\r\n                    color: #777;\r\n                    margin-left: 20px;\r\n                    margin-right: 10px;\r\n                }\r\n                .td-block-title-wrap .td-wrapper-pulldown-filter .td-pulldown-filter-display-option i:before {\r\n                    content: '\\e83d';\r\n                }\r\n                .td-block-title-wrap .td-wrapper-pulldown-filter .td-pulldown-filter-display-option span {\r\n                    padding-left: 20px;\r\n                    margin-right: -14px;\r\n                }\r\n                @media (max-width: 360px) {\r\n                    .td-block-title-wrap .td-wrapper-pulldown-filter .td-pulldown-filter-display-option span {\r\n                        display: none;\r\n                    }\r\n                }\r\n                .td-block-title-wrap .td-pulldown-filter-display-option:hover,\r\n                .td-block-title-wrap .td-pulldown-filter-display-option:hover i {\r\n                    color: #4db2ec;\r\n                }\r\n                .td-block-title-wrap .td-wrapper-pulldown-filter .td-pulldown-filter-display-option:hover ul {\r\n                    display: block;\r\n                }\r\n                .td-block-title-wrap .td-wrapper-pulldown-filter .td-pulldown-filter-list {\r\n                    list-style: none;\r\n                    position: absolute;\r\n                    right: 0;\r\n                    top: 100%;\r\n                    padding: 18px 0;\r\n                    background-color: rgb(255, 255, 255);\r\n                    background-color: rgba(255, 255, 255, 0.95);\r\n                    z-index: 999;\r\n                    border-width: 1px;\r\n                    border-color: #ededed;\r\n                    border-style: solid;\r\n                    display: none;\r\n                    margin: 0;\r\n                }\r\n                .td-block-title-wrap .td-wrapper-pulldown-filter .td-pulldown-filter-item {\r\n                    list-style: none;\r\n                    margin: 0;\r\n                }\r\n                .td-block-title-wrap .td-pulldown-filter-item .td-cur-simple-item {\r\n                    color: #4db2ec;\r\n                }\r\n                .td-block-title-wrap .td-wrapper-pulldown-filter .td-pulldown-more {\r\n                    padding-bottom: 10px;\r\n                }\r\n                .td-block-title-wrap .td-wrapper-pulldown-filter .td-pulldown-more:before {\r\n                    content: '';\r\n                    width: 70px;\r\n                    height: 100%;\r\n                    position: absolute;\r\n                    margin-top: 2px;\r\n                    top: 0;\r\n                    right: 0;\r\n                    z-index: 1;\r\n                    opacity: 0;\r\n                }\r\n                .td-block-title-wrap .td-wrapper-pulldown-filter .td-pulldown-filter-link {\r\n                    color: #777;\r\n                    white-space: nowrap;\r\n                    display: block;\r\n                    line-height: 26px;\r\n                    padding-left: 36px;\r\n                    padding-right: 27px;\r\n                }\r\n                .td-block-title-wrap .td-pulldown-filter-link:hover {\r\n                    color: #4db2ec;\r\n                }\r\n                @media (min-width: 768px) and (max-width: 1018px) {\r\n                    .td-pb-span4 .td-block-title-wrap .td-wrapper-pulldown-filter .td-pulldown-filter-display-option span {\r\n                        display: none;\r\n                    }\r\n                    .td-pb-span4 .td-block-title-wrap .td-wrapper-pulldown-filter .td-pulldown-filter-link {\r\n                        padding-left: 24px;\r\n                        padding-right: 20px !important;\r\n                    }\r\n                }\n<\/style><script>var block_tdi_7 = new tdBlock();\nblock_tdi_7.id = \"tdi_7\";\nblock_tdi_7.atts = '{\"custom_title\":\"Linz\",\"category_id\":\"297\",\"td_ajax_filter_ids\":\"297,335,339,302,308,314\",\"td_ajax_filter_type\":\"td_category_ids_filter\",\"ajax_pagination\":\"load_more\",\"limit\":\"6\",\"td_filter_default_txt\":\"\",\"block_type\":\"td_block_18\",\"separator\":\"\",\"custom_url\":\"\",\"block_template_id\":\"\",\"mx8_tl\":\"\",\"m10_tl\":\"\",\"m10_el\":\"\",\"mx2_tl\":\"\",\"post_ids\":\"\",\"taxonomies\":\"\",\"category_ids\":\"\",\"in_all_terms\":\"\",\"tag_slug\":\"\",\"autors_id\":\"\",\"installed_post_types\":\"\",\"include_cf_posts\":\"\",\"exclude_cf_posts\":\"\",\"sort\":\"\",\"popular_by_date\":\"\",\"linked_posts\":\"\",\"favourite_only\":\"\",\"offset\":\"\",\"open_in_new_window\":\"\",\"show_modified_date\":\"\",\"time_ago\":\"\",\"time_ago_add_txt\":\"ago\",\"time_ago_txt_pos\":\"\",\"review_source\":\"\",\"el_class\":\"\",\"td_ajax_preloading\":\"\",\"f_header_font_header\":\"\",\"f_header_font_title\":\"Block header\",\"f_header_font_settings\":\"\",\"f_header_font_family\":\"\",\"f_header_font_size\":\"\",\"f_header_font_line_height\":\"\",\"f_header_font_style\":\"\",\"f_header_font_weight\":\"\",\"f_header_font_transform\":\"\",\"f_header_font_spacing\":\"\",\"f_header_\":\"\",\"f_ajax_font_title\":\"Ajax categories\",\"f_ajax_font_settings\":\"\",\"f_ajax_font_family\":\"\",\"f_ajax_font_size\":\"\",\"f_ajax_font_line_height\":\"\",\"f_ajax_font_style\":\"\",\"f_ajax_font_weight\":\"\",\"f_ajax_font_transform\":\"\",\"f_ajax_font_spacing\":\"\",\"f_ajax_\":\"\",\"f_more_font_title\":\"Load more button\",\"f_more_font_settings\":\"\",\"f_more_font_family\":\"\",\"f_more_font_size\":\"\",\"f_more_font_line_height\":\"\",\"f_more_font_style\":\"\",\"f_more_font_weight\":\"\",\"f_more_font_transform\":\"\",\"f_more_font_spacing\":\"\",\"f_more_\":\"\",\"mx8f_title_font_header\":\"\",\"mx8f_title_font_title\":\"Article title\",\"mx8f_title_font_settings\":\"\",\"mx8f_title_font_family\":\"\",\"mx8f_title_font_size\":\"\",\"mx8f_title_font_line_height\":\"\",\"mx8f_title_font_style\":\"\",\"mx8f_title_font_weight\":\"\",\"mx8f_title_font_transform\":\"\",\"mx8f_title_font_spacing\":\"\",\"mx8f_title_\":\"\",\"mx8f_cat_font_title\":\"Article category tag\",\"mx8f_cat_font_settings\":\"\",\"mx8f_cat_font_family\":\"\",\"mx8f_cat_font_size\":\"\",\"mx8f_cat_font_line_height\":\"\",\"mx8f_cat_font_style\":\"\",\"mx8f_cat_font_weight\":\"\",\"mx8f_cat_font_transform\":\"\",\"mx8f_cat_font_spacing\":\"\",\"mx8f_cat_\":\"\",\"mx8f_meta_font_title\":\"Article meta info\",\"mx8f_meta_font_settings\":\"\",\"mx8f_meta_font_family\":\"\",\"mx8f_meta_font_size\":\"\",\"mx8f_meta_font_line_height\":\"\",\"mx8f_meta_font_style\":\"\",\"mx8f_meta_font_weight\":\"\",\"mx8f_meta_font_transform\":\"\",\"mx8f_meta_font_spacing\":\"\",\"mx8f_meta_\":\"\",\"m10f_title_font_header\":\"\",\"m10f_title_font_title\":\"Article title\",\"m10f_title_font_settings\":\"\",\"m10f_title_font_family\":\"\",\"m10f_title_font_size\":\"\",\"m10f_title_font_line_height\":\"\",\"m10f_title_font_style\":\"\",\"m10f_title_font_weight\":\"\",\"m10f_title_font_transform\":\"\",\"m10f_title_font_spacing\":\"\",\"m10f_title_\":\"\",\"m10f_cat_font_title\":\"Article category tag\",\"m10f_cat_font_settings\":\"\",\"m10f_cat_font_family\":\"\",\"m10f_cat_font_size\":\"\",\"m10f_cat_font_line_height\":\"\",\"m10f_cat_font_style\":\"\",\"m10f_cat_font_weight\":\"\",\"m10f_cat_font_transform\":\"\",\"m10f_cat_font_spacing\":\"\",\"m10f_cat_\":\"\",\"m10f_meta_font_title\":\"Article meta info\",\"m10f_meta_font_settings\":\"\",\"m10f_meta_font_family\":\"\",\"m10f_meta_font_size\":\"\",\"m10f_meta_font_line_height\":\"\",\"m10f_meta_font_style\":\"\",\"m10f_meta_font_weight\":\"\",\"m10f_meta_font_transform\":\"\",\"m10f_meta_font_spacing\":\"\",\"m10f_meta_\":\"\",\"m10f_ex_font_title\":\"Article excerpt\",\"m10f_ex_font_settings\":\"\",\"m10f_ex_font_family\":\"\",\"m10f_ex_font_size\":\"\",\"m10f_ex_font_line_height\":\"\",\"m10f_ex_font_style\":\"\",\"m10f_ex_font_weight\":\"\",\"m10f_ex_font_transform\":\"\",\"m10f_ex_font_spacing\":\"\",\"m10f_ex_\":\"\",\"mx2f_title_font_header\":\"\",\"mx2f_title_font_title\":\"Article title\",\"mx2f_title_font_settings\":\"\",\"mx2f_title_font_family\":\"\",\"mx2f_title_font_size\":\"\",\"mx2f_title_font_line_height\":\"\",\"mx2f_title_font_style\":\"\",\"mx2f_title_font_weight\":\"\",\"mx2f_title_font_transform\":\"\",\"mx2f_title_font_spacing\":\"\",\"mx2f_title_\":\"\",\"mx2f_cat_font_title\":\"Article category tag\",\"mx2f_cat_font_settings\":\"\",\"mx2f_cat_font_family\":\"\",\"mx2f_cat_font_size\":\"\",\"mx2f_cat_font_line_height\":\"\",\"mx2f_cat_font_style\":\"\",\"mx2f_cat_font_weight\":\"\",\"mx2f_cat_font_transform\":\"\",\"mx2f_cat_font_spacing\":\"\",\"mx2f_cat_\":\"\",\"mx2f_meta_font_title\":\"Article meta info\",\"mx2f_meta_font_settings\":\"\",\"mx2f_meta_font_family\":\"\",\"mx2f_meta_font_size\":\"\",\"mx2f_meta_font_line_height\":\"\",\"mx2f_meta_font_style\":\"\",\"mx2f_meta_font_weight\":\"\",\"mx2f_meta_font_transform\":\"\",\"mx2f_meta_font_spacing\":\"\",\"mx2f_meta_\":\"\",\"ajax_pagination_next_prev_swipe\":\"\",\"ajax_pagination_infinite_stop\":\"\",\"css\":\"\",\"tdc_css\":\"\",\"td_column_number\":2,\"header_color\":\"\",\"color_preset\":\"\",\"border_top\":\"\",\"class\":\"tdi_7\",\"tdc_css_class\":\"tdi_7\",\"tdc_css_class_style\":\"tdi_7_rand_style\"}';\nblock_tdi_7.td_column_number = \"2\";\nblock_tdi_7.block_type = \"td_block_18\";\nblock_tdi_7.post_count = \"6\";\nblock_tdi_7.found_posts = \"42\";\nblock_tdi_7.header_color = \"\";\nblock_tdi_7.ajax_pagination_infinite_stop = \"\";\nblock_tdi_7.max_num_pages = \"7\";\ntdBlocksArray.push(block_tdi_7);\n<\/script><div class=\"td-block-title-wrap\"><h4 class=\"block-title td-block-title\"><span class=\"td-pulldown-size\">Linz<\/span><\/h4><div class=\"td-pulldown-syle-default td-subcat-filter\" id=\"td_pulldown_tdi_7\"><ul class=\"td-subcat-list\" id=\"td_pulldown_tdi_7_list\"><li class=\"td-subcat-item\"><a class=\"td-subcat-link\" id=\"tdi_8\" data-td_filter_value=\"\" data-td_block_id=\"tdi_7\" href=\"#\"><\/a><\/li><li class=\"td-subcat-item\"><a class=\"td-subcat-link\" id=\"tdi_9\" data-td_filter_value=\"297\" data-td_block_id=\"tdi_7\" href=\"#\">Current<\/a><\/li><li class=\"td-subcat-item\"><a class=\"td-subcat-link\" id=\"tdi_10\" data-td_filter_value=\"335\" data-td_block_id=\"tdi_7\" href=\"#\">Preview<\/a><\/li><li class=\"td-subcat-item\"><a class=\"td-subcat-link\" id=\"tdi_11\" data-td_filter_value=\"339\" data-td_block_id=\"tdi_7\" href=\"#\">Events<\/a><\/li><li class=\"td-subcat-item\"><a class=\"td-subcat-link\" id=\"tdi_12\" data-td_filter_value=\"302\" data-td_block_id=\"tdi_7\" href=\"#\">Art<\/a><\/li><li class=\"td-subcat-item\"><a class=\"td-subcat-link\" id=\"tdi_13\" data-td_filter_value=\"308\" data-td_block_id=\"tdi_7\" href=\"#\">Venues<\/a><\/li><li class=\"td-subcat-item\"><a class=\"td-subcat-link\" id=\"tdi_14\" data-td_filter_value=\"314\" data-td_block_id=\"tdi_7\" href=\"#\">Shops<\/a><\/li><\/ul><div class=\"td-subcat-dropdown\"><div class=\"td-subcat-more\" aria-haspopup=\"true\"><span>More<\/span><i class=\"td-icon-read-down\"><\/i><\/div><ul class=\"td-pulldown-filter-list\"><\/ul><\/div><\/div><\/div><div id=tdi_7 class=\"td_block_inner td-column-2\">\r\n        <div class=\"td_module_mx8 td_module_wrap td-animation-stack td-meta-info-hide\">\r\n            <div class=\"meta-info-container\">\r\n                <div class=\"td-module-thumb\"><a href=\"https:\/\/www.creativeaustria.at\/en\/2026\/04\/30\/talented-established-art-at-energie-ag-2026-powertower-energie-ag-linz\/\"  rel=\"bookmark\" class=\"td-image-wrap \" title=\"TALENTED &amp; ESTABLISHED \u2013 Art at Energie AG 2026 \/ POWERTOWER ENERGIE AG, Linz\" ><img loading=\"lazy\" decoding=\"async\" class=\"entry-thumb\" src=\"data:image\/png;base64,iVBORw0KGgoAAAANSUhEUgAAArgAAAGBAQMAAAC3k1CUAAAAA1BMVEWurq51dlI4AAAAAXRSTlMmkutdmwAAADdJREFUeNrtwTEBAAAAwiD7p7bETmAAAAAAAAAAAAAAAAAAAAAAAAAAAAAAAAAAAAAAAAAAAEDuhFgAARFpDB8AAAAASUVORK5CYII=\" alt=\"\" title=\"TALENTED &amp; ESTABLISHED \u2013 Art at Energie AG 2026 \/ POWERTOWER ENERGIE AG, Linz\" data-type=\"image_tag\" data-img-url=\"https:\/\/www.creativeaustria.at\/wp-content\/uploads\/2026\/04\/Martin-Veigl-overflow-2021-Bleistift-auf-Papier-70x50cm-696x385.jpg\"  width=\"696\" height=\"385\" \/><\/a><\/div>\r\n                <div class=\"td-module-meta-info\">\r\n                    <h3 class=\"entry-title td-module-title\"><a href=\"https:\/\/www.creativeaustria.at\/en\/2026\/04\/30\/talented-established-art-at-energie-ag-2026-powertower-energie-ag-linz\/\"  rel=\"bookmark\" title=\"TALENTED &amp; ESTABLISHED \u2013 Art at Energie AG 2026 \/ POWERTOWER ENERGIE AG, Linz\">TALENTED &amp; ESTABLISHED \u2013 Art at Energie AG 2026 \/ POWERTOWER ENERGIE AG, Linz<\/a><\/h3>                                        <span class=\"td-author-date\">\r\n                                                                                            <\/span>\r\n                <\/div>\r\n            <\/div>\r\n\r\n        <\/div>\r\n\r\n        \r\n        <div class=\"td_module_10 td_module_wrap td-animation-stack td-meta-info-hide\">\r\n            <div class=\"td-module-thumb\"><a href=\"https:\/\/www.creativeaustria.at\/en\/2026\/04\/29\/feeling-the-body-joint-exhibition-by-the-innviertler-kunstlergilde-kubin-haus-zwickledt-upper-austria\/\"  rel=\"bookmark\" class=\"td-image-wrap \" title=\"Feeling the Body \u2013 Joint exhibition by the Innviertler K\u00fcnstler\u00adgilde \/ Kubin-Haus Zwickledt, Upper Austria\" ><img loading=\"lazy\" decoding=\"async\" class=\"entry-thumb\" src=\"data:image\/png;base64,iVBORw0KGgoAAAANSUhEUgAAANoAAACWAQMAAACCSQSPAAAAA1BMVEWurq51dlI4AAAAAXRSTlMmkutdmwAAABpJREFUWMPtwQENAAAAwiD7p7bHBwwAAAAg7RD+AAGXD7BoAAAAAElFTkSuQmCC\" alt=\"\" title=\"Feeling the Body \u2013 Joint exhibition by the Innviertler K\u00fcnstler\u00adgilde \/ Kubin-Haus Zwickledt, Upper Austria\" data-type=\"image_tag\" data-img-url=\"https:\/\/www.creativeaustria.at\/wp-content\/uploads\/2026\/04\/Petra-Rader-FREISCHWIMMERIN-Acryl-auf-LW-70-x-100-cm-\u00a9-Petra-Rader-218x150.png\"  width=\"218\" height=\"150\" \/><\/a><\/div>\r\n            <div class=\"item-details\">\r\n            <h3 class=\"entry-title td-module-title\"><a href=\"https:\/\/www.creativeaustria.at\/en\/2026\/04\/29\/feeling-the-body-joint-exhibition-by-the-innviertler-kunstlergilde-kubin-haus-zwickledt-upper-austria\/\"  rel=\"bookmark\" title=\"Feeling the Body \u2013 Joint exhibition by the Innviertler K\u00fcnstler\u00adgilde \/ Kubin-Haus Zwickledt, Upper Austria\">Feeling the Body \u2013 Joint exhibition by the Innviertler K\u00fcnstler\u00adgilde \/ Kubin-Haus Zwickledt, Upper...<\/a><\/h3>\r\n                <div class=\"td-module-meta-info\">\r\n                                                                                                            <\/div>\r\n\r\n                <div class=\"td-excerpt\">\r\n                    \n23.05.2026 \u2013 28.06.2026\n\n\n\nUnder the theme \u2018FEELING THE BODY\u2019, 17 members of the Innviertler K\u00fcnstlergilde are presenting their work. Drawing and painting, sculpture and objects,...                <\/div>\r\n            <\/div>\r\n\r\n        <\/div>\r\n\r\n        \r\n        <div class=\"td_module_10 td_module_wrap td-animation-stack td-meta-info-hide\">\r\n            <div class=\"td-module-thumb\"><a href=\"https:\/\/www.creativeaustria.at\/en\/2026\/04\/28\/architecture-days-2026-what-unites-us-everyday-infrastructures-austria\/\"  rel=\"bookmark\" class=\"td-image-wrap \" title=\"Architecture Days 2026 \u2013 What Unites Us \u2013 Everyday Infrastructures \/ Austria\" ><img loading=\"lazy\" decoding=\"async\" class=\"entry-thumb\" src=\"data:image\/png;base64,iVBORw0KGgoAAAANSUhEUgAAANoAAACWAQMAAACCSQSPAAAAA1BMVEWurq51dlI4AAAAAXRSTlMmkutdmwAAABpJREFUWMPtwQENAAAAwiD7p7bHBwwAAAAg7RD+AAGXD7BoAAAAAElFTkSuQmCC\" alt=\"\" title=\"Architecture Days 2026 \u2013 What Unites Us \u2013 Everyday Infrastructures \/ Austria\" data-type=\"image_tag\" data-img-url=\"https:\/\/www.creativeaustria.at\/wp-content\/uploads\/2026\/04\/Koralmbahn_DraubrueckecOEBB-218x150.jpg\"  width=\"218\" height=\"150\" \/><\/a><\/div>\r\n            <div class=\"item-details\">\r\n            <h3 class=\"entry-title td-module-title\"><a href=\"https:\/\/www.creativeaustria.at\/en\/2026\/04\/28\/architecture-days-2026-what-unites-us-everyday-infrastructures-austria\/\"  rel=\"bookmark\" title=\"Architecture Days 2026 \u2013 What Unites Us \u2013 Everyday Infrastructures \/ Austria\">Architecture Days 2026 \u2013 What Unites Us \u2013 Everyday Infrastructures \/ Austria<\/a><\/h3>\r\n                <div class=\"td-module-meta-info\">\r\n                                                                                                            <\/div>\r\n\r\n                <div class=\"td-excerpt\">\r\n                    \n28.05.2026 \u2013 30.05.2026\n\nDie Architekturtage sind die gr\u00f6\u00dfte Publikumsveranstaltung f\u00fcr Architektur und Baukultur in \u00d6sterreich. Kuratiert und umgesetzt von den zehn Architekturinstitutionen \u00d6sterreichs, findet die...                <\/div>\r\n            <\/div>\r\n\r\n        <\/div>\r\n\r\n        \r\n        <div class=\"td_module_10 td_module_wrap td-animation-stack td-meta-info-hide\">\r\n            <div class=\"td-module-thumb\"><a href=\"https:\/\/www.creativeaustria.at\/en\/2026\/04\/27\/traces-of-reality-200-years-of-photography-from-the-collections-of-the-city-of-linz-museums-lentos-kunstmuseum-linz\/\"  rel=\"bookmark\" class=\"td-image-wrap \" title=\"Traces of Reality \u2013 200 Years of Photography from the Collections of the City of Linz Museums \/ Lentos Kunstmuseum, Linz\" ><img loading=\"lazy\" decoding=\"async\" class=\"entry-thumb\" src=\"data:image\/png;base64,iVBORw0KGgoAAAANSUhEUgAAANoAAACWAQMAAACCSQSPAAAAA1BMVEWurq51dlI4AAAAAXRSTlMmkutdmwAAABpJREFUWMPtwQENAAAAwiD7p7bHBwwAAAAg7RD+AAGXD7BoAAAAAElFTkSuQmCC\" alt=\"\" title=\"Traces of Reality \u2013 200 Years of Photography from the Collections of the City of Linz Museums \/ Lentos Kunstmuseum, Linz\" data-type=\"image_tag\" data-img-url=\"https:\/\/www.creativeaustria.at\/wp-content\/uploads\/2026\/04\/WEBMorath-Inge-Taenzerin-Feria-de-Sevilla-218x150.webp\"  width=\"218\" height=\"150\" \/><\/a><\/div>\r\n            <div class=\"item-details\">\r\n            <h3 class=\"entry-title td-module-title\"><a href=\"https:\/\/www.creativeaustria.at\/en\/2026\/04\/27\/traces-of-reality-200-years-of-photography-from-the-collections-of-the-city-of-linz-museums-lentos-kunstmuseum-linz\/\"  rel=\"bookmark\" title=\"Traces of Reality \u2013 200 Years of Photography from the Collections of the City of Linz Museums \/ Lentos Kunstmuseum, Linz\">Traces of Reality \u2013 200 Years of Photography from the Collections of the City...<\/a><\/h3>\r\n                <div class=\"td-module-meta-info\">\r\n                                                                                                            <\/div>\r\n\r\n                <div class=\"td-excerpt\">\r\n                    \n29.05.2026 \u2013 16.08.2026\n\n\n\nIt has been around 200 years since the French inventor Joseph Nic\u00e9phore Ni\u00e9pce succeeded in permanently capturing the view from his study...                <\/div>\r\n            <\/div>\r\n\r\n        <\/div>\r\n\r\n        \r\n        <div class=\"td_module_10 td_module_wrap td-animation-stack td-meta-info-hide\">\r\n            <div class=\"td-module-thumb\"><a href=\"https:\/\/www.creativeaustria.at\/en\/2026\/04\/22\/jonas-busecker-body-a-blurring-of-boundaries-oberosterreichischer-kunstverein-linz\/\"  rel=\"bookmark\" class=\"td-image-wrap \" title=\"Jonas B\u00fc\u00dfecker \u2013 Body. A Blurring of Boundaries \/ Ober\u00f6sterreichischer Kunstverein, Linz\" ><img loading=\"lazy\" decoding=\"async\" class=\"entry-thumb\" src=\"data:image\/png;base64,iVBORw0KGgoAAAANSUhEUgAAANoAAACWAQMAAACCSQSPAAAAA1BMVEWurq51dlI4AAAAAXRSTlMmkutdmwAAABpJREFUWMPtwQENAAAAwiD7p7bHBwwAAAAg7RD+AAGXD7BoAAAAAElFTkSuQmCC\" alt=\"\" title=\"Jonas B\u00fc\u00dfecker \u2013 Body. A Blurring of Boundaries \/ Ober\u00f6sterreichischer Kunstverein, Linz\" data-type=\"image_tag\" data-img-url=\"https:\/\/www.creativeaustria.at\/wp-content\/uploads\/2026\/04\/J.Buessecker_Leib.EineEntgrenzung-keyvisual_flyer-plakat-1446x2048-1-218x150.jpg\"  width=\"218\" height=\"150\" \/><\/a><\/div>\r\n            <div class=\"item-details\">\r\n            <h3 class=\"entry-title td-module-title\"><a href=\"https:\/\/www.creativeaustria.at\/en\/2026\/04\/22\/jonas-busecker-body-a-blurring-of-boundaries-oberosterreichischer-kunstverein-linz\/\"  rel=\"bookmark\" title=\"Jonas B\u00fc\u00dfecker \u2013 Body. A Blurring of Boundaries \/ Ober\u00f6sterreichischer Kunstverein, Linz\">Jonas B\u00fc\u00dfecker \u2013 Body. A Blurring of Boundaries \/ Ober\u00f6sterreichischer Kunstverein, Linz<\/a><\/h3>\r\n                <div class=\"td-module-meta-info\">\r\n                                                                                                            <\/div>\r\n\r\n                <div class=\"td-excerpt\">\r\n                    \n24.04.2026 \u2013 21.05.2026\n\n\n\nIn his exhibition Body. A Blurring of Boundaries, Jonas B\u00fc\u00dfecker presents sculptural works that explore the human body. Starting from familiar bodily...                <\/div>\r\n            <\/div>\r\n\r\n        <\/div>\r\n\r\n        \r\n        <div class=\"td_module_10 td_module_wrap td-animation-stack td-meta-info-hide\">\r\n            <div class=\"td-module-thumb\"><a href=\"https:\/\/www.creativeaustria.at\/en\/2026\/04\/13\/the-peasants-war-of-1626-between-history-and-fiction-schlossmuseum-linz\/\"  rel=\"bookmark\" class=\"td-image-wrap \" title=\"The Peasants\u2019 War of 1626 \u2013 Between History and Fiction \/ Schlossmuseum Linz\" ><img loading=\"lazy\" decoding=\"async\" class=\"entry-thumb\" src=\"data:image\/png;base64,iVBORw0KGgoAAAANSUhEUgAAANoAAACWAQMAAACCSQSPAAAAA1BMVEWurq51dlI4AAAAAXRSTlMmkutdmwAAABpJREFUWMPtwQENAAAAwiD7p7bHBwwAAAAg7RD+AAGXD7BoAAAAAElFTkSuQmCC\" alt=\"\" title=\"The Peasants\u2019 War of 1626 \u2013 Between History and Fiction \/ Schlossmuseum Linz\" data-type=\"image_tag\" data-img-url=\"https:\/\/www.creativeaustria.at\/wp-content\/uploads\/2026\/04\/OOE-Bauernkrieg-2026-@Michael-Maritsch_0083-218x150.jpg\"  width=\"218\" height=\"150\" \/><\/a><\/div>\r\n            <div class=\"item-details\">\r\n            <h3 class=\"entry-title td-module-title\"><a href=\"https:\/\/www.creativeaustria.at\/en\/2026\/04\/13\/the-peasants-war-of-1626-between-history-and-fiction-schlossmuseum-linz\/\"  rel=\"bookmark\" title=\"The Peasants\u2019 War of 1626 \u2013 Between History and Fiction \/ Schlossmuseum Linz\">The Peasants\u2019 War of 1626 \u2013 Between History and Fiction \/ Schlossmuseum Linz<\/a><\/h3>\r\n                <div class=\"td-module-meta-info\">\r\n                                                                                                            <\/div>\r\n\r\n                <div class=\"td-excerpt\">\r\n                    \n09.05.2026 \u2013 07.01.2027\n\n\n\n1626 was a fateful year; it is virtually emblematic of the rapid transformation Europe was undergoing at the start of the 17th...                <\/div>\r\n            <\/div>\r\n\r\n        <\/div>\r\n\r\n        <\/div><div class=\"td-load-more-wrap\"><a href=\"#\" class=\"td_ajax_load_more td_ajax_load_more_js\" aria-label=\"Load more\" id=\"next-page-tdi_7\" data-td_block_id=\"tdi_7\">Load more<i class=\"td-load-more-icon td-icon-font td-icon-menu-right\"><\/i><\/a><\/div><\/div> <!-- .\/block --><\/div><\/div><div class=\"vc_column tdi_16  wpb_column vc_column_container tdc-column td-pb-span4\">\n<style scoped>\n\/* custom css - generated by TagDiv Composer *\/\n\n\/* custom css - generated by TagDiv Composer *\/\n.tdi_16{\r\n                    vertical-align: baseline;\r\n                }.tdi_16 > .wpb_wrapper,\r\n\t\t\t\t.tdi_16 > .wpb_wrapper > .tdc-elements{\r\n\t\t\t\t    display: block;\r\n\t\t\t\t}.tdi_16 > .wpb_wrapper > .tdc-elements{\r\n\t\t\t\t    width: 100%;\r\n\t\t\t\t}.tdi_16 > .wpb_wrapper > .vc_row_inner{\r\n\t\t\t\t    width: auto;\r\n\t\t\t\t}.tdi_16 > .wpb_wrapper{\r\n\t\t\t\t    width: auto;\r\n\t\t\t\t    height: auto;\r\n\t\t\t\t}\n<\/style><div class=\"wpb_wrapper\" ><div class=\"wpb_wrapper td_block_wrap vc_widget_sidebar tdi_18 \" ><aside class=\"td_block_template_1 widget widget_media_image\"><h4 class=\"block-title\"><span>Print Magazine<\/span><\/h4><a href=\"http:\/\/www.creativeaustria.at\/magazin\/\"><img loading=\"lazy\" decoding=\"async\" width=\"214\" height=\"300\" src=\"https:\/\/www.creativeaustria.at\/wp-content\/uploads\/2025\/11\/CTA_mag56_20251117_Cover-214x300.png\" class=\"image wp-image-54463 boxshadowside attachment-medium size-medium\" alt=\"\" style=\"max-width: 100%; height: auto;\" srcset=\"https:\/\/www.creativeaustria.at\/wp-content\/uploads\/2025\/11\/CTA_mag56_20251117_Cover-214x300.png 214w, https:\/\/www.creativeaustria.at\/wp-content\/uploads\/2025\/11\/CTA_mag56_20251117_Cover-300x420.png 300w, https:\/\/www.creativeaustria.at\/wp-content\/uploads\/2025\/11\/CTA_mag56_20251117_Cover.png 567w\" sizes=\"(max-width: 214px) 100vw, 214px\" \/><\/a><\/aside><aside class=\"widget_text td_block_template_1 widget widget_custom_html\"><div class=\"textwidget custom-html-widget\"><span style=\"font-family: 'Roboto Slab'; font-size: 17px;line-height: 22px; color:#000000;\">\n\t<a href=\"http:\/\/www.creativeaustria.at\/magazin\/\" style=\"color:#000000;\">\n\t\tAusgabe \/ Volume #56\n\t<\/a>\n<\/span>\n<br\/>\n<a href=\"http:\/\/www.creativeaustria.at\/magazin\/\" style=\"color:#000000;\">\n\t<span style=\"font-family: 'Open Sans'; font-size: 12px; line-height: 18px;\">\n\t\tErschienen im September 2025\n\t<\/span>\n<\/a><\/div><\/aside><div class=\"td_block_wrap td_block_text_with_title td_block_widget tdi_19 tagdiv-type td-pb-border-top td_block_template_1\"  data-td-block-uid=\"tdi_19\" >\n<style>\n\n\/* inline tdc_css att - generated by TagDiv Composer *\/\n\n.tdi_19{\nmargin-bottom:-20px !important;\n}\n\n<\/style>\n<style>\n\/* custom css - generated by TagDiv Composer *\/\n.td_block_text_with_title{\r\n                  margin-bottom: 44px;\r\n                  -webkit-transform: translateZ(0);\r\n                  transform: translateZ(0);\r\n                }.td_block_text_with_title p:last-child{\r\n                  margin-bottom: 0;\r\n                }\n<\/style><div class=\"td-block-title-wrap\"><h4 class=\"block-title td-block-title\"><span class=\"td-pulldown-size\">Newsletter<\/span><\/h4><\/div><div class=\"td_mod_wrap td-fix-index\"><\/div><\/div><aside class=\"td_block_template_1 widget shortcode_widget\">\t\t\t\t\t\t<div class=\"textwidget\">                    <script type=\"text\/javascript\">\n                        var onloadSibCallback = function () {\n                            jQuery('.g-recaptcha').each(function (index, el) {\n                                grecaptcha.render(el, {\n                                    'sitekey': jQuery(el).attr('data-sitekey')\n                                });\n                            });\n                        };\n                    <\/script>\n\t\t\t\t\t                <script src=\"https:\/\/www.google.com\/recaptcha\/api.js?onload=onloadSibCallback&render=explicit\" async defer><\/script>\n\t\t\t\t\n\t\t\t<form id=\"sib_signup_form_1\" method=\"post\" class=\"sib_signup_form\">\n\t\t\t\t<div class=\"sib_loader\" style=\"display:none;\"><img\n\t\t\t\t\t\t\tsrc=\"https:\/\/www.creativeaustria.at\/wp-includes\/images\/spinner.gif\" alt=\"loader\"><\/div>\n\t\t\t\t<input type=\"hidden\" name=\"sib_form_action\" value=\"subscribe_form_submit\">\n\t\t\t\t<input type=\"hidden\" name=\"sib_form_id\" value=\"1\">\n                <input type=\"hidden\" name=\"sib_form_alert_notice\" value=\"Please fill out this field\">\n                <input type=\"hidden\" name=\"sib_form_invalid_email_notice\" value=\"Your email address is invalid\">\n                <input type=\"hidden\" name=\"sib_security\" value=\"47cd737f96\">\n\t\t\t\t<div class=\"sib_signup_box_inside_1\">\n\t\t\t\t\t<div style=\"\/*display:none*\/\" class=\"sib_msg_disp\">\n\t\t\t\t\t<\/div>\n                    \t\t\t\t\t<p class=\"sib-email-area\">\r\n    <label class=\"sib-email-area\">Email*<\/label>\r\n    <input type=\"email\" class=\"sib-email-area\" name=\"email\" placeholder=\"example@mail.com\" value=\"\" required=\"required\">\r\n<\/p>\r\n<p class=\"sib-VORNAME-area\"> \r\n    <label class=\"sib-VORNAME-area\">Vorname<\/label> \r\n    <input type=\"text\" class=\"sib-VORNAME-area\" name=\"VORNAME\" placeholder=\"Dein Vorname\"> \r\n<\/p>\r\n<p class=\"sib-NAME-area\"> \r\n    <label class=\"sib-NAME-area\">Nachname<\/label> \r\n    <input type=\"text\" class=\"sib-NAME-area\" name=\"NAME\" placeholder=\"Dein Nachname\"> \r\n<\/p>\r\n\r\n<div id=\"sib_captcha\" class=\"g-recaptcha\" data-sitekey=\"6Lcw41omAAAAAMA9qWvvzB_84GP8N8V0k56w1mIW\"><\/div>\r\n\r\n<p>\r\n    <input type=\"submit\" class=\"sib-default-btn\" value=\"Subscribe\">\r\n<\/p>\t\t\t\t<\/div>\n\t\t\t<\/form>\n\t\t\t<style>\n\t\t\t\tform#sib_signup_form_1 { padding: 5px 13px; -moz-box-sizing:border-box; -webkit-box-sizing: border-box; box-sizing: border-box; } form#sib_signup_form_1 input[type=text],form#sib_signup_form_1 input[type=email], form#sib_signup_form_1 select { width: 100%; border: 1px solid #eee; height: auto; margin: 0px 0 0 0; font-size: 13px !important; } form#sib_signup_form_1 .sib-default-btn { margin: 10px 0; padding: 6px 12px; color:#FAFAFA; background-color: #C4232A; border-color: #2E2E2E; font-size: 14px; font-weight:400; line-height: 1.4285; text-align: center; cursor: pointer; vertical-align: middle; -webkit-user-select:none; -moz-user-select:none; -ms-user-select:none; user-select:none; white-space: normal; border:1px solid transparent; border-radius: 0px; } form#sib_signup_form_1 .sib-default-btn:hover { background-color: #000; } form#sib_signup_form_1 p{ margin: 10px 0 0 0; font-size: 10px; } #sib_signup_form_1 { background-color:#f5f5f5; } .grecaptcha-badge { } #sib_captcha { margin-top: 20px; }form#sib_signup_form_1 p.sib-alert-message {\n    padding: 6px 12px;\n    margin-bottom: 20px;\n    border: 1px solid transparent;\n    border-radius: 4px;\n    -webkit-box-sizing: border-box;\n    -moz-box-sizing: border-box;\n    box-sizing: border-box;\n}\nform#sib_signup_form_1 p.sib-alert-message-error {\n    background-color: #f2dede;\n    border-color: #ebccd1;\n    color: #a94442;\n}\nform#sib_signup_form_1 p.sib-alert-message-success {\n    background-color: #dff0d8;\n    border-color: #d6e9c6;\n    color: #3c763d;\n}\nform#sib_signup_form_1 p.sib-alert-message-warning {\n    background-color: #fcf8e3;\n    border-color: #faebcc;\n    color: #8a6d3b;\n}\n\t\t\t<\/style>\n\t\t\t<\/div>\n\t\t\t<\/aside><\/div><\/div><\/div><\/div><\/div><div id=\"tdi_20\" class=\"tdc-row\"><div class=\"vc_row tdi_21  wpb_row td-pb-row\" >\n<style scoped>\n\/* custom css - generated by TagDiv Composer *\/\n\n\/* custom css - generated by TagDiv Composer *\/\n.tdi_21,\r\n                .tdi_21 .tdc-columns{\r\n                    min-height: 0;\r\n                }.tdi_21,\r\n\t\t\t\t.tdi_21 .tdc-columns{\r\n\t\t\t\t    display: block;\r\n\t\t\t\t}.tdi_21 .tdc-columns{\r\n\t\t\t\t    width: 100%;\r\n\t\t\t\t}.tdi_21:before,\r\n\t\t\t\t.tdi_21:after{\r\n\t\t\t\t    display: table;\r\n\t\t\t\t}\n<\/style><div class=\"vc_column tdi_23  wpb_column vc_column_container tdc-column td-pb-span12\">\n<style scoped>\n\/* custom css - generated by TagDiv Composer *\/\n\n\/* custom css - generated by TagDiv Composer *\/\n.tdi_23{\r\n                    vertical-align: baseline;\r\n                }.tdi_23 > .wpb_wrapper,\r\n\t\t\t\t.tdi_23 > .wpb_wrapper > .tdc-elements{\r\n\t\t\t\t    display: block;\r\n\t\t\t\t}.tdi_23 > .wpb_wrapper > .tdc-elements{\r\n\t\t\t\t    width: 100%;\r\n\t\t\t\t}.tdi_23 > .wpb_wrapper > .vc_row_inner{\r\n\t\t\t\t    width: auto;\r\n\t\t\t\t}.tdi_23 > .wpb_wrapper{\r\n\t\t\t\t    width: auto;\r\n\t\t\t\t    height: auto;\r\n\t\t\t\t}\n<\/style><div class=\"wpb_wrapper\" ><div class=\"td_block_wrap td_block_big_grid_5 tdi_24 td-grid-style-1 td-hover-1 td-big-grids td-pb-border-top td_block_template_1\"  data-td-block-uid=\"tdi_24\" >\n<style>\n\n\/* inline tdc_css att - generated by TagDiv Composer *\/\n\n.tdi_24{\npadding-top:25px !important;\npadding-bottom:25px !important;\n}\n\n<\/style><div id=tdi_24 class=\"td_block_inner\"><div class=\"td-big-grid-wrapper\">\r\n        <div class=\"td_module_mx12 td-animation-stack td-meta-info-hide td-big-grid-post-0 td-big-grid-post td-small-thumb\">\r\n            <div class=\"td-module-thumb\"><a href=\"https:\/\/www.creativeaustria.at\/en\/2020\/11\/24\/digiwalk-kunsthaltestellen-bregenz-2\/\"  rel=\"bookmark\" class=\"td-image-wrap \" title=\"Digiwalk \/ Bregenz\" ><img loading=\"lazy\" decoding=\"async\" class=\"entry-thumb\" src=\"data:image\/png;base64,iVBORw0KGgoAAAANSUhEUgAAAWQAAADcAQMAAAB9O0nPAAAAA1BMVEWurq51dlI4AAAAAXRSTlMmkutdmwAAACBJREFUaN7twTEBAAAAwiD7p7bDbmAAAAAAAAAAAABAdieIAAGQh2mWAAAAAElFTkSuQmCC\" alt=\"\" title=\"Digiwalk \/ Bregenz\" data-type=\"image_tag\" data-img-url=\"https:\/\/www.creativeaustria.at\/wp-content\/uploads\/2020\/11\/Bregenz_Festspielhaus_-_Skulptur_Ready_Maid-356x220.jpg\"  width=\"356\" height=\"220\" \/><\/a><\/div>            <div class=\"td-meta-info-container\">\r\n                <div class=\"td-meta-align\">\r\n                    <div class=\"td-big-grid-meta\">\r\n                        <a href=\"https:\/\/www.creativeaustria.at\/en\/category\/kreative-orte-en\/vorarlberg-en\/architecture-4\/\" class=\"td-post-category\" >Architecture<\/a>                        <h3 class=\"entry-title td-module-title\"><a href=\"https:\/\/www.creativeaustria.at\/en\/2020\/11\/24\/digiwalk-kunsthaltestellen-bregenz-2\/\"  rel=\"bookmark\" title=\"Digiwalk \/ Bregenz\">Digiwalk \/ Bregenz<\/a><\/h3>                    <\/div>\r\n                    <div class=\"td-module-meta-info\">\r\n                                                                    <\/div>\r\n                <\/div>\r\n            <\/div>\r\n\r\n        <\/div>\r\n\r\n        \r\n        <div class=\"td_module_mx12 td-animation-stack td-meta-info-hide td-big-grid-post-1 td-big-grid-post td-small-thumb\">\r\n            <div class=\"td-module-thumb\"><a href=\"https:\/\/www.creativeaustria.at\/en\/2020\/11\/24\/creative-walk-walk-of-modern-art-salzburg\/\"  rel=\"bookmark\" class=\"td-image-wrap \" title=\"Digiwalk Creative Walk &#038; Walk of Modern Art \/ Salzburg\" ><img loading=\"lazy\" decoding=\"async\" class=\"entry-thumb\" src=\"data:image\/png;base64,iVBORw0KGgoAAAANSUhEUgAAAWQAAADcAQMAAAB9O0nPAAAAA1BMVEWurq51dlI4AAAAAXRSTlMmkutdmwAAACBJREFUaN7twTEBAAAAwiD7p7bDbmAAAAAAAAAAAABAdieIAAGQh2mWAAAAAElFTkSuQmCC\" alt=\"\" title=\"Digiwalk Creative Walk &#038; Walk of Modern Art \/ Salzburg\" data-type=\"image_tag\" data-img-url=\"https:\/\/www.creativeaustria.at\/wp-content\/uploads\/2020\/11\/1408_Sphaera-unter-der-Festung_030GB-630x420-1-356x220.jpg\"  width=\"356\" height=\"220\" \/><\/a><\/div>            <div class=\"td-meta-info-container\">\r\n                <div class=\"td-meta-align\">\r\n                    <div class=\"td-big-grid-meta\">\r\n                        <a href=\"https:\/\/www.creativeaustria.at\/en\/category\/gegenwartskultur-en\/architecture-building-en\/\" class=\"td-post-category\" >Architecture<\/a>                        <h3 class=\"entry-title td-module-title\"><a href=\"https:\/\/www.creativeaustria.at\/en\/2020\/11\/24\/creative-walk-walk-of-modern-art-salzburg\/\"  rel=\"bookmark\" title=\"Digiwalk Creative Walk &#038; Walk of Modern Art \/ Salzburg\">Digiwalk Creative Walk &#038; Walk of Modern Art \/ Salzburg<\/a><\/h3>                    <\/div>\r\n                    <div class=\"td-module-meta-info\">\r\n                                                                    <\/div>\r\n                <\/div>\r\n            <\/div>\r\n\r\n        <\/div>\r\n\r\n        \r\n        <div class=\"td_module_mx12 td-animation-stack td-meta-info-hide td-big-grid-post-2 td-big-grid-post td-small-thumb\">\r\n            <div class=\"td-module-thumb\"><a href=\"https:\/\/www.creativeaustria.at\/en\/2020\/07\/22\/digiwalk-skulpturenpark-graz-die-sammlung-%e2%80%a8\/\"  rel=\"bookmark\" class=\"td-image-wrap \" title=\"Digiwalk Skulpturenpark Graz,  the collection \u2028\" ><img loading=\"lazy\" decoding=\"async\" class=\"entry-thumb\" src=\"data:image\/png;base64,iVBORw0KGgoAAAANSUhEUgAAAWQAAADcAQMAAAB9O0nPAAAAA1BMVEWurq51dlI4AAAAAXRSTlMmkutdmwAAACBJREFUaN7twTEBAAAAwiD7p7bDbmAAAAAAAAAAAABAdieIAAGQh2mWAAAAAElFTkSuQmCC\" alt=\"\" title=\"Digiwalk Skulpturenpark Graz,  the collection \u2028\" data-type=\"image_tag\" data-img-url=\"https:\/\/www.creativeaustria.at\/wp-content\/uploads\/2020\/07\/csm_2000_2ddc38b1de-356x220.jpg\"  width=\"356\" height=\"220\" \/><\/a><\/div>            <div class=\"td-meta-info-container\">\r\n                <div class=\"td-meta-align\">\r\n                    <div class=\"td-big-grid-meta\">\r\n                        <a href=\"https:\/\/www.creativeaustria.at\/en\/category\/gegenwartskultur-en\/art-7\/\" class=\"td-post-category\" >Art<\/a>                        <h3 class=\"entry-title td-module-title\"><a href=\"https:\/\/www.creativeaustria.at\/en\/2020\/07\/22\/digiwalk-skulpturenpark-graz-die-sammlung-%e2%80%a8\/\"  rel=\"bookmark\" title=\"Digiwalk Skulpturenpark Graz,  the collection \u2028\">Digiwalk Skulpturenpark Graz,  the collection \u2028<\/a><\/h3>                    <\/div>\r\n                    <div class=\"td-module-meta-info\">\r\n                                                                    <\/div>\r\n                <\/div>\r\n            <\/div>\r\n\r\n        <\/div>\r\n\r\n        <\/div><div class=\"clearfix\"><\/div><\/div><\/div> <!-- .\/block --><\/div><\/div><\/div><\/div><\/div><\/div>","protected":false},"excerpt":{"rendered":"","protected":false},"author":1,"featured_media":0,"parent":0,"menu_order":0,"comment_status":"open","ping_status":"closed","template":"page-pagebuilder-latest.php","meta":{"jetpack_post_was_ever_published":false,"footnotes":""},"class_list":["post-2473","page","type-page","status-publish"],"yoast_head":"<!-- This site is optimized with the Yoast SEO plugin v23.9 - https:\/\/yoast.com\/wordpress\/plugins\/seo\/ -->\n<title>Linz &#187; CREATIVE AUSTRIA \u2013 Contemporary Culture<\/title>\n<meta name=\"robots\" content=\"index, follow, max-snippet:-1, max-image-preview:large, max-video-preview:-1\" \/>\n<link rel=\"canonical\" href=\"https:\/\/www.creativeaustria.at\/en\/linz\/\" \/>\n<meta property=\"og:locale\" content=\"en_US\" \/>\n<meta property=\"og:type\" content=\"article\" \/>\n<meta property=\"og:title\" content=\"Linz &#187; CREATIVE AUSTRIA \u2013 Contemporary Culture\" \/>\n<meta property=\"og:url\" content=\"https:\/\/www.creativeaustria.at\/en\/linz\/\" \/>\n<meta property=\"og:site_name\" content=\"CREATIVE AUSTRIA \u2013 Contemporary Culture\" \/>\n<meta property=\"article:publisher\" content=\"https:\/\/www.facebook.com\/creativeaustria\" \/>\n<meta property=\"article:modified_time\" content=\"2023-07-03T08:06:05+00:00\" \/>\n<meta name=\"twitter:card\" content=\"summary_large_image\" \/>\n<script type=\"application\/ld+json\" class=\"yoast-schema-graph\">{\"@context\":\"https:\/\/schema.org\",\"@graph\":[{\"@type\":\"WebPage\",\"@id\":\"https:\/\/www.creativeaustria.at\/en\/linz\/\",\"url\":\"https:\/\/www.creativeaustria.at\/en\/linz\/\",\"name\":\"Linz &#187; CREATIVE AUSTRIA \u2013 Contemporary Culture\",\"isPartOf\":{\"@id\":\"https:\/\/www.creativeaustria.at\/#website\"},\"datePublished\":\"2018-01-16T09:30:45+00:00\",\"dateModified\":\"2023-07-03T08:06:05+00:00\",\"breadcrumb\":{\"@id\":\"https:\/\/www.creativeaustria.at\/en\/linz\/#breadcrumb\"},\"inLanguage\":\"en-US\",\"potentialAction\":[{\"@type\":\"ReadAction\",\"target\":[\"https:\/\/www.creativeaustria.at\/en\/linz\/\"]}]},{\"@type\":\"BreadcrumbList\",\"@id\":\"https:\/\/www.creativeaustria.at\/en\/linz\/#breadcrumb\",\"itemListElement\":[{\"@type\":\"ListItem\",\"position\":1,\"name\":\"Startseite\",\"item\":\"https:\/\/www.creativeaustria.at\/en\/\"},{\"@type\":\"ListItem\",\"position\":2,\"name\":\"Linz\"}]},{\"@type\":\"WebSite\",\"@id\":\"https:\/\/www.creativeaustria.at\/#website\",\"url\":\"https:\/\/www.creativeaustria.at\/\",\"name\":\"CREATIVE AUSTRIA \u2013 Contemporary Culture\",\"description\":\"Austrias Magazine for Contemporary Culture\",\"potentialAction\":[{\"@type\":\"SearchAction\",\"target\":{\"@type\":\"EntryPoint\",\"urlTemplate\":\"https:\/\/www.creativeaustria.at\/?s={search_term_string}\"},\"query-input\":{\"@type\":\"PropertyValueSpecification\",\"valueRequired\":true,\"valueName\":\"search_term_string\"}}],\"inLanguage\":\"en-US\"}]}<\/script>\n<!-- \/ Yoast SEO plugin. -->","yoast_head_json":{"title":"Linz &#187; CREATIVE AUSTRIA \u2013 Contemporary Culture","robots":{"index":"index","follow":"follow","max-snippet":"max-snippet:-1","max-image-preview":"max-image-preview:large","max-video-preview":"max-video-preview:-1"},"canonical":"https:\/\/www.creativeaustria.at\/en\/linz\/","og_locale":"en_US","og_type":"article","og_title":"Linz &#187; CREATIVE AUSTRIA \u2013 Contemporary Culture","og_url":"https:\/\/www.creativeaustria.at\/en\/linz\/","og_site_name":"CREATIVE AUSTRIA \u2013 Contemporary Culture","article_publisher":"https:\/\/www.facebook.com\/creativeaustria","article_modified_time":"2023-07-03T08:06:05+00:00","twitter_card":"summary_large_image","schema":{"@context":"https:\/\/schema.org","@graph":[{"@type":"WebPage","@id":"https:\/\/www.creativeaustria.at\/en\/linz\/","url":"https:\/\/www.creativeaustria.at\/en\/linz\/","name":"Linz &#187; CREATIVE AUSTRIA \u2013 Contemporary Culture","isPartOf":{"@id":"https:\/\/www.creativeaustria.at\/#website"},"datePublished":"2018-01-16T09:30:45+00:00","dateModified":"2023-07-03T08:06:05+00:00","breadcrumb":{"@id":"https:\/\/www.creativeaustria.at\/en\/linz\/#breadcrumb"},"inLanguage":"en-US","potentialAction":[{"@type":"ReadAction","target":["https:\/\/www.creativeaustria.at\/en\/linz\/"]}]},{"@type":"BreadcrumbList","@id":"https:\/\/www.creativeaustria.at\/en\/linz\/#breadcrumb","itemListElement":[{"@type":"ListItem","position":1,"name":"Startseite","item":"https:\/\/www.creativeaustria.at\/en\/"},{"@type":"ListItem","position":2,"name":"Linz"}]},{"@type":"WebSite","@id":"https:\/\/www.creativeaustria.at\/#website","url":"https:\/\/www.creativeaustria.at\/","name":"CREATIVE AUSTRIA \u2013 Contemporary Culture","description":"Austrias Magazine for Contemporary Culture","potentialAction":[{"@type":"SearchAction","target":{"@type":"EntryPoint","urlTemplate":"https:\/\/www.creativeaustria.at\/?s={search_term_string}"},"query-input":{"@type":"PropertyValueSpecification","valueRequired":true,"valueName":"search_term_string"}}],"inLanguage":"en-US"}]}},"jetpack_sharing_enabled":true,"jetpack_shortlink":"https:\/\/wp.me\/P9E1qX-DT","_links":{"self":[{"href":"https:\/\/www.creativeaustria.at\/en\/wp-json\/wp\/v2\/pages\/2473"}],"collection":[{"href":"https:\/\/www.creativeaustria.at\/en\/wp-json\/wp\/v2\/pages"}],"about":[{"href":"https:\/\/www.creativeaustria.at\/en\/wp-json\/wp\/v2\/types\/page"}],"author":[{"embeddable":true,"href":"https:\/\/www.creativeaustria.at\/en\/wp-json\/wp\/v2\/users\/1"}],"replies":[{"embeddable":true,"href":"https:\/\/www.creativeaustria.at\/en\/wp-json\/wp\/v2\/comments?post=2473"}],"version-history":[{"count":27,"href":"https:\/\/www.creativeaustria.at\/en\/wp-json\/wp\/v2\/pages\/2473\/revisions"}],"predecessor-version":[{"id":43482,"href":"https:\/\/www.creativeaustria.at\/en\/wp-json\/wp\/v2\/pages\/2473\/revisions\/43482"}],"wp:attachment":[{"href":"https:\/\/www.creativeaustria.at\/en\/wp-json\/wp\/v2\/media?parent=2473"}],"curies":[{"name":"wp","href":"https:\/\/api.w.org\/{rel}","templated":true}]}}